{"id":12747,"date":"2023-05-13T10:00:00","date_gmt":"2023-05-13T10:00:00","guid":{"rendered":"https:\/\/www.coren.es\/?post_type=recetas&#038;p=12747"},"modified":"2023-08-08T07:45:00","modified_gmt":"2023-08-08T07:45:00","slug":"chicharos-salteados-con-chourizo-selecta-e-ovos-de-curral","status":"publish","type":"recetas","link":"https:\/\/www.coren.es\/gl\/receitas\/chicharos-salteados-con-chourizo-selecta-e-ovos-de-curral\/","title":{"rendered":"Ch\u00edcharos salteados con chourizo Selecta e ovos de Curral"},"content":{"rendered":"","protected":false},"excerpt":{"rendered":"","protected":false},"author":2,"featured_media":10614,"menu_order":106,"comment_status":"open","ping_status":"open","template":"","format":"standard","meta":{"_acf_changed":false,"footnotes":""},"tags":[],"categorias_recetas":[508],"class_list":["post-12747","recetas","type-recetas","status-publish","format-standard","has-post-thumbnail","hentry","categorias_recetas-ovos-de-curral"],"acf":[],"yoast_head":"<!-- This site is optimized with the Yoast SEO plugin v27.0 - https:\/\/yoast.com\/product\/yoast-seo-wordpress\/ -->\n<title>Ch\u00edcharos salteados con chourizo Selecta e ovos de Curral | Coren<\/title>\n<meta name=\"description\" content=\"Receita en v\u00eddeo de ch\u00edcharos salteados con chourizo Selecta e ovos de Curral. Un acerto seguro en calquera ocasi\u00f3n.\" \/>\n<meta name=\"robots\" content=\"index, follow, max-snippet:-1, max-image-preview:large, max-video-preview:-1\" \/>\n<link rel=\"canonical\" href=\"https:\/\/www.coren.es\/gl\/receitas\/chicharos-salteados-con-chourizo-selecta-e-ovos-de-curral\/\" \/>\n<meta property=\"og:locale\" content=\"gl_ES\" \/>\n<meta property=\"og:type\" content=\"article\" \/>\n<meta property=\"og:title\" content=\"Ch\u00edcharos salteados con chourizo Selecta e ovos de Curral | Coren\" \/>\n<meta property=\"og:description\" content=\"Receita en v\u00eddeo de ch\u00edcharos salteados con chourizo Selecta e ovos de Curral. Un acerto seguro en calquera ocasi\u00f3n.\" \/>\n<meta property=\"og:url\" content=\"https:\/\/www.coren.es\/gl\/receitas\/chicharos-salteados-con-chourizo-selecta-e-ovos-de-curral\/\" \/>\n<meta property=\"og:site_name\" content=\"Coren\" \/>\n<meta property=\"article:modified_time\" content=\"2023-08-08T07:45:00+00:00\" \/>\n<meta property=\"og:image\" content=\"https:\/\/www.coren.es\/wp-content\/uploads\/2022\/02\/Huevos-Guisantes-Salteados.png\" \/>\n\t<meta property=\"og:image:width\" content=\"1237\" \/>\n\t<meta property=\"og:image:height\" content=\"694\" \/>\n\t<meta property=\"og:image:type\" content=\"image\/png\" \/>\n<meta name=\"twitter:card\" content=\"summary_large_image\" \/>\n<script type=\"application\/ld+json\" class=\"yoast-schema-graph\">{\"@context\":\"https:\/\/schema.org\",\"@graph\":[{\"@type\":\"Article\",\"@id\":\"https:\/\/www.coren.es\/gl\/receitas\/chicharos-salteados-con-chourizo-selecta-e-ovos-de-curral\/#article\",\"isPartOf\":{\"@id\":\"https:\/\/www.coren.es\/gl\/receitas\/chicharos-salteados-con-chourizo-selecta-e-ovos-de-curral\/\"},\"author\":{\"name\":\"Ledicia Gil\",\"@id\":\"https:\/\/www.coren.es\/gl\/#\/schema\/person\/83a0c8e94a958130f55842cf41aa01d0\"},\"headline\":\"Ch\u00edcharos salteados con chourizo Selecta e ovos de Curral\",\"datePublished\":\"2023-05-13T10:00:00+00:00\",\"dateModified\":\"2023-08-08T07:45:00+00:00\",\"mainEntityOfPage\":{\"@id\":\"https:\/\/www.coren.es\/gl\/receitas\/chicharos-salteados-con-chourizo-selecta-e-ovos-de-curral\/\"},\"wordCount\":10,\"commentCount\":0,\"publisher\":{\"@id\":\"https:\/\/www.coren.es\/gl\/#organization\"},\"image\":{\"@id\":\"https:\/\/www.coren.es\/gl\/receitas\/chicharos-salteados-con-chourizo-selecta-e-ovos-de-curral\/#primaryimage\"},\"thumbnailUrl\":\"https:\/\/www.coren.es\/wp-content\/uploads\/2022\/02\/Huevos-Guisantes-Salteados.png\",\"inLanguage\":\"gl-ES\",\"potentialAction\":[{\"@type\":\"CommentAction\",\"name\":\"Comment\",\"target\":[\"https:\/\/www.coren.es\/gl\/receitas\/chicharos-salteados-con-chourizo-selecta-e-ovos-de-curral\/#respond\"]}]},{\"@type\":[\"WebPage\",\"ItemPage\"],\"@id\":\"https:\/\/www.coren.es\/gl\/receitas\/chicharos-salteados-con-chourizo-selecta-e-ovos-de-curral\/\",\"url\":\"https:\/\/www.coren.es\/gl\/receitas\/chicharos-salteados-con-chourizo-selecta-e-ovos-de-curral\/\",\"name\":\"Ch\u00edcharos salteados con chourizo Selecta e ovos de Curral | Coren\",\"isPartOf\":{\"@id\":\"https:\/\/www.coren.es\/gl\/#website\"},\"primaryImageOfPage\":{\"@id\":\"https:\/\/www.coren.es\/gl\/receitas\/chicharos-salteados-con-chourizo-selecta-e-ovos-de-curral\/#primaryimage\"},\"image\":{\"@id\":\"https:\/\/www.coren.es\/gl\/receitas\/chicharos-salteados-con-chourizo-selecta-e-ovos-de-curral\/#primaryimage\"},\"thumbnailUrl\":\"https:\/\/www.coren.es\/wp-content\/uploads\/2022\/02\/Huevos-Guisantes-Salteados.png\",\"datePublished\":\"2023-05-13T10:00:00+00:00\",\"dateModified\":\"2023-08-08T07:45:00+00:00\",\"description\":\"Receita en v\u00eddeo de ch\u00edcharos salteados con chourizo Selecta e ovos de Curral. Un acerto seguro en calquera ocasi\u00f3n.\",\"breadcrumb\":{\"@id\":\"https:\/\/www.coren.es\/gl\/receitas\/chicharos-salteados-con-chourizo-selecta-e-ovos-de-curral\/#breadcrumb\"},\"inLanguage\":\"gl-ES\",\"potentialAction\":[{\"@type\":\"ReadAction\",\"target\":[\"https:\/\/www.coren.es\/gl\/receitas\/chicharos-salteados-con-chourizo-selecta-e-ovos-de-curral\/\"]}]},{\"@type\":\"ImageObject\",\"inLanguage\":\"gl-ES\",\"@id\":\"https:\/\/www.coren.es\/gl\/receitas\/chicharos-salteados-con-chourizo-selecta-e-ovos-de-curral\/#primaryimage\",\"url\":\"https:\/\/www.coren.es\/wp-content\/uploads\/2022\/02\/Huevos-Guisantes-Salteados.png\",\"contentUrl\":\"https:\/\/www.coren.es\/wp-content\/uploads\/2022\/02\/Huevos-Guisantes-Salteados.png\",\"width\":1237,\"height\":694},{\"@type\":\"BreadcrumbList\",\"@id\":\"https:\/\/www.coren.es\/gl\/receitas\/chicharos-salteados-con-chourizo-selecta-e-ovos-de-curral\/#breadcrumb\",\"itemListElement\":[{\"@type\":\"ListItem\",\"position\":1,\"name\":\"Portada\",\"item\":\"https:\/\/www.coren.es\/gl\/\"},{\"@type\":\"ListItem\",\"position\":2,\"name\":\"Receitas\",\"item\":\"https:\/\/www.coren.es\/gl\/receitas\/\"},{\"@type\":\"ListItem\",\"position\":3,\"name\":\"Ch\u00edcharos salteados con chourizo Selecta e ovos de Curral\"}]},{\"@type\":\"WebSite\",\"@id\":\"https:\/\/www.coren.es\/gl\/#website\",\"url\":\"https:\/\/www.coren.es\/gl\/\",\"name\":\"Coren. Alimentos y carnes de Galicia\",\"description\":\"\",\"publisher\":{\"@id\":\"https:\/\/www.coren.es\/gl\/#organization\"},\"potentialAction\":[{\"@type\":\"SearchAction\",\"target\":{\"@type\":\"EntryPoint\",\"urlTemplate\":\"https:\/\/www.coren.es\/gl\/?s={search_term_string}\"},\"query-input\":{\"@type\":\"PropertyValueSpecification\",\"valueRequired\":true,\"valueName\":\"search_term_string\"}}],\"inLanguage\":\"gl-ES\"},{\"@type\":\"Organization\",\"@id\":\"https:\/\/www.coren.es\/gl\/#organization\",\"name\":\"Coren\",\"url\":\"https:\/\/www.coren.es\/gl\/\",\"logo\":{\"@type\":\"ImageObject\",\"inLanguage\":\"gl-ES\",\"@id\":\"https:\/\/www.coren.es\/gl\/#\/schema\/logo\/image\/\",\"url\":\"https:\/\/www.coren.es\/wp-content\/uploads\/2023\/03\/cropped-logo.png\",\"contentUrl\":\"https:\/\/www.coren.es\/wp-content\/uploads\/2023\/03\/cropped-logo.png\",\"width\":131,\"height\":85,\"caption\":\"Coren\"},\"image\":{\"@id\":\"https:\/\/www.coren.es\/gl\/#\/schema\/logo\/image\/\"}},{\"@type\":\"Person\",\"@id\":\"https:\/\/www.coren.es\/gl\/#\/schema\/person\/83a0c8e94a958130f55842cf41aa01d0\",\"name\":\"Ledicia Gil\",\"image\":{\"@type\":\"ImageObject\",\"inLanguage\":\"gl-ES\",\"@id\":\"https:\/\/www.coren.es\/gl\/#\/schema\/person\/image\/\",\"url\":\"https:\/\/secure.gravatar.com\/avatar\/3375888af6231681b7418479cd77bd0927482745ea2ab409df4089ccdd472e9f?s=96&d=mm&r=g\",\"contentUrl\":\"https:\/\/secure.gravatar.com\/avatar\/3375888af6231681b7418479cd77bd0927482745ea2ab409df4089ccdd472e9f?s=96&d=mm&r=g\",\"caption\":\"Ledicia Gil\"}}]}<\/script>\n<!-- \/ Yoast SEO plugin. -->","yoast_head_json":{"title":"Ch\u00edcharos salteados con chourizo Selecta e ovos de Curral | Coren","description":"Receita en v\u00eddeo de ch\u00edcharos salteados con chourizo Selecta e ovos de Curral. Un acerto seguro en calquera ocasi\u00f3n.","robots":{"index":"index","follow":"follow","max-snippet":"max-snippet:-1","max-image-preview":"max-image-preview:large","max-video-preview":"max-video-preview:-1"},"canonical":"https:\/\/www.coren.es\/gl\/receitas\/chicharos-salteados-con-chourizo-selecta-e-ovos-de-curral\/","og_locale":"gl_ES","og_type":"article","og_title":"Ch\u00edcharos salteados con chourizo Selecta e ovos de Curral | Coren","og_description":"Receita en v\u00eddeo de ch\u00edcharos salteados con chourizo Selecta e ovos de Curral. Un acerto seguro en calquera ocasi\u00f3n.","og_url":"https:\/\/www.coren.es\/gl\/receitas\/chicharos-salteados-con-chourizo-selecta-e-ovos-de-curral\/","og_site_name":"Coren","article_modified_time":"2023-08-08T07:45:00+00:00","og_image":[{"width":1237,"height":694,"url":"https:\/\/www.coren.es\/wp-content\/uploads\/2022\/02\/Huevos-Guisantes-Salteados.png","type":"image\/png"}],"twitter_card":"summary_large_image","schema":{"@context":"https:\/\/schema.org","@graph":[{"@type":"Article","@id":"https:\/\/www.coren.es\/gl\/receitas\/chicharos-salteados-con-chourizo-selecta-e-ovos-de-curral\/#article","isPartOf":{"@id":"https:\/\/www.coren.es\/gl\/receitas\/chicharos-salteados-con-chourizo-selecta-e-ovos-de-curral\/"},"author":{"name":"Ledicia Gil","@id":"https:\/\/www.coren.es\/gl\/#\/schema\/person\/83a0c8e94a958130f55842cf41aa01d0"},"headline":"Ch\u00edcharos salteados con chourizo Selecta e ovos de Curral","datePublished":"2023-05-13T10:00:00+00:00","dateModified":"2023-08-08T07:45:00+00:00","mainEntityOfPage":{"@id":"https:\/\/www.coren.es\/gl\/receitas\/chicharos-salteados-con-chourizo-selecta-e-ovos-de-curral\/"},"wordCount":10,"commentCount":0,"publisher":{"@id":"https:\/\/www.coren.es\/gl\/#organization"},"image":{"@id":"https:\/\/www.coren.es\/gl\/receitas\/chicharos-salteados-con-chourizo-selecta-e-ovos-de-curral\/#primaryimage"},"thumbnailUrl":"https:\/\/www.coren.es\/wp-content\/uploads\/2022\/02\/Huevos-Guisantes-Salteados.png","inLanguage":"gl-ES","potentialAction":[{"@type":"CommentAction","name":"Comment","target":["https:\/\/www.coren.es\/gl\/receitas\/chicharos-salteados-con-chourizo-selecta-e-ovos-de-curral\/#respond"]}]},{"@type":["WebPage","ItemPage"],"@id":"https:\/\/www.coren.es\/gl\/receitas\/chicharos-salteados-con-chourizo-selecta-e-ovos-de-curral\/","url":"https:\/\/www.coren.es\/gl\/receitas\/chicharos-salteados-con-chourizo-selecta-e-ovos-de-curral\/","name":"Ch\u00edcharos salteados con chourizo Selecta e ovos de Curral | Coren","isPartOf":{"@id":"https:\/\/www.coren.es\/gl\/#website"},"primaryImageOfPage":{"@id":"https:\/\/www.coren.es\/gl\/receitas\/chicharos-salteados-con-chourizo-selecta-e-ovos-de-curral\/#primaryimage"},"image":{"@id":"https:\/\/www.coren.es\/gl\/receitas\/chicharos-salteados-con-chourizo-selecta-e-ovos-de-curral\/#primaryimage"},"thumbnailUrl":"https:\/\/www.coren.es\/wp-content\/uploads\/2022\/02\/Huevos-Guisantes-Salteados.png","datePublished":"2023-05-13T10:00:00+00:00","dateModified":"2023-08-08T07:45:00+00:00","description":"Receita en v\u00eddeo de ch\u00edcharos salteados con chourizo Selecta e ovos de Curral. Un acerto seguro en calquera ocasi\u00f3n.","breadcrumb":{"@id":"https:\/\/www.coren.es\/gl\/receitas\/chicharos-salteados-con-chourizo-selecta-e-ovos-de-curral\/#breadcrumb"},"inLanguage":"gl-ES","potentialAction":[{"@type":"ReadAction","target":["https:\/\/www.coren.es\/gl\/receitas\/chicharos-salteados-con-chourizo-selecta-e-ovos-de-curral\/"]}]},{"@type":"ImageObject","inLanguage":"gl-ES","@id":"https:\/\/www.coren.es\/gl\/receitas\/chicharos-salteados-con-chourizo-selecta-e-ovos-de-curral\/#primaryimage","url":"https:\/\/www.coren.es\/wp-content\/uploads\/2022\/02\/Huevos-Guisantes-Salteados.png","contentUrl":"https:\/\/www.coren.es\/wp-content\/uploads\/2022\/02\/Huevos-Guisantes-Salteados.png","width":1237,"height":694},{"@type":"BreadcrumbList","@id":"https:\/\/www.coren.es\/gl\/receitas\/chicharos-salteados-con-chourizo-selecta-e-ovos-de-curral\/#breadcrumb","itemListElement":[{"@type":"ListItem","position":1,"name":"Portada","item":"https:\/\/www.coren.es\/gl\/"},{"@type":"ListItem","position":2,"name":"Receitas","item":"https:\/\/www.coren.es\/gl\/receitas\/"},{"@type":"ListItem","position":3,"name":"Ch\u00edcharos salteados con chourizo Selecta e ovos de Curral"}]},{"@type":"WebSite","@id":"https:\/\/www.coren.es\/gl\/#website","url":"https:\/\/www.coren.es\/gl\/","name":"Coren. Alimentos y carnes de Galicia","description":"","publisher":{"@id":"https:\/\/www.coren.es\/gl\/#organization"},"potentialAction":[{"@type":"SearchAction","target":{"@type":"EntryPoint","urlTemplate":"https:\/\/www.coren.es\/gl\/?s={search_term_string}"},"query-input":{"@type":"PropertyValueSpecification","valueRequired":true,"valueName":"search_term_string"}}],"inLanguage":"gl-ES"},{"@type":"Organization","@id":"https:\/\/www.coren.es\/gl\/#organization","name":"Coren","url":"https:\/\/www.coren.es\/gl\/","logo":{"@type":"ImageObject","inLanguage":"gl-ES","@id":"https:\/\/www.coren.es\/gl\/#\/schema\/logo\/image\/","url":"https:\/\/www.coren.es\/wp-content\/uploads\/2023\/03\/cropped-logo.png","contentUrl":"https:\/\/www.coren.es\/wp-content\/uploads\/2023\/03\/cropped-logo.png","width":131,"height":85,"caption":"Coren"},"image":{"@id":"https:\/\/www.coren.es\/gl\/#\/schema\/logo\/image\/"}},{"@type":"Person","@id":"https:\/\/www.coren.es\/gl\/#\/schema\/person\/83a0c8e94a958130f55842cf41aa01d0","name":"Ledicia Gil","image":{"@type":"ImageObject","inLanguage":"gl-ES","@id":"https:\/\/www.coren.es\/gl\/#\/schema\/person\/image\/","url":"https:\/\/secure.gravatar.com\/avatar\/3375888af6231681b7418479cd77bd0927482745ea2ab409df4089ccdd472e9f?s=96&d=mm&r=g","contentUrl":"https:\/\/secure.gravatar.com\/avatar\/3375888af6231681b7418479cd77bd0927482745ea2ab409df4089ccdd472e9f?s=96&d=mm&r=g","caption":"Ledicia Gil"}}]}},"_links":{"self":[{"href":"https:\/\/www.coren.es\/gl\/wp-json\/wp\/v2\/recetas\/12747","targetHints":{"allow":["GET"]}}],"collection":[{"href":"https:\/\/www.coren.es\/gl\/wp-json\/wp\/v2\/recetas"}],"about":[{"href":"https:\/\/www.coren.es\/gl\/wp-json\/wp\/v2\/types\/recetas"}],"author":[{"embeddable":true,"href":"https:\/\/www.coren.es\/gl\/wp-json\/wp\/v2\/users\/2"}],"replies":[{"embeddable":true,"href":"https:\/\/www.coren.es\/gl\/wp-json\/wp\/v2\/comments?post=12747"}],"version-history":[{"count":7,"href":"https:\/\/www.coren.es\/gl\/wp-json\/wp\/v2\/recetas\/12747\/revisions"}],"predecessor-version":[{"id":13579,"href":"https:\/\/www.coren.es\/gl\/wp-json\/wp\/v2\/recetas\/12747\/revisions\/13579"}],"wp:featuredmedia":[{"embeddable":true,"href":"https:\/\/www.coren.es\/gl\/wp-json\/wp\/v2\/media\/10614"}],"wp:attachment":[{"href":"https:\/\/www.coren.es\/gl\/wp-json\/wp\/v2\/media?parent=12747"}],"wp:term":[{"taxonomy":"post_tag","embeddable":true,"href":"https:\/\/www.coren.es\/gl\/wp-json\/wp\/v2\/tags?post=12747"},{"taxonomy":"categorias_recetas","embeddable":true,"href":"https:\/\/www.coren.es\/gl\/wp-json\/wp\/v2\/categorias_recetas?post=12747"}],"curies":[{"name":"wp","href":"https:\/\/api.w.org\/{rel}","templated":true}]}}