{"id":13503,"date":"2023-06-07T13:41:00","date_gmt":"2023-06-07T13:41:00","guid":{"rendered":"https:\/\/www.coren.es\/?post_type=recetas&#038;p=13503"},"modified":"2023-08-07T08:46:47","modified_gmt":"2023-08-07T08:46:47","slug":"albondegas-polo-curral-xamon-selecta-chicharos","status":"publish","type":"recetas","link":"https:\/\/www.coren.es\/gl\/receitas\/albondegas-polo-curral-xamon-selecta-chicharos\/","title":{"rendered":"Alb\u00f3ndegas de polo de Curral con xam\u00f3n Selecta e ch\u00edcharos"},"content":{"rendered":"","protected":false},"excerpt":{"rendered":"","protected":false},"author":2,"featured_media":13315,"menu_order":79,"comment_status":"open","ping_status":"open","template":"","format":"standard","meta":{"_acf_changed":false,"footnotes":""},"tags":[],"categorias_recetas":[506],"class_list":["post-13503","recetas","type-recetas","status-publish","format-standard","has-post-thumbnail","hentry","categorias_recetas-polo-de-curral"],"acf":[],"yoast_head":"<!-- This site is optimized with the Yoast SEO plugin v27.0 - https:\/\/yoast.com\/product\/yoast-seo-wordpress\/ -->\n<title>Alb\u00f3ndegas de polo de Curral con xam\u00f3n e ch\u00edcharos | Coren<\/title>\n<meta name=\"description\" content=\"A nosa receita de alb\u00f3ndegas de polo de Curral con xam\u00f3n Selecta e ch\u00edcharos \u00e9 ben doada de facer. Para sopetear o prato!\" \/>\n<meta name=\"robots\" content=\"index, follow, max-snippet:-1, max-image-preview:large, max-video-preview:-1\" \/>\n<link rel=\"canonical\" href=\"https:\/\/www.coren.es\/gl\/receitas\/albondegas-polo-curral-xamon-selecta-chicharos\/\" \/>\n<meta property=\"og:locale\" content=\"gl_ES\" \/>\n<meta property=\"og:type\" content=\"article\" \/>\n<meta property=\"og:title\" content=\"Alb\u00f3ndegas de polo de Curral con xam\u00f3n e ch\u00edcharos | Coren\" \/>\n<meta property=\"og:description\" content=\"A nosa receita de alb\u00f3ndegas de polo de Curral con xam\u00f3n Selecta e ch\u00edcharos \u00e9 ben doada de facer. Para sopetear o prato!\" \/>\n<meta property=\"og:url\" content=\"https:\/\/www.coren.es\/gl\/receitas\/albondegas-polo-curral-xamon-selecta-chicharos\/\" \/>\n<meta property=\"og:site_name\" content=\"Coren\" \/>\n<meta property=\"article:modified_time\" content=\"2023-08-07T08:46:47+00:00\" \/>\n<meta property=\"og:image\" content=\"https:\/\/www.coren.es\/wp-content\/uploads\/2023\/06\/Albondigas-de-pollo-de-Corral-con-jamon-Selecta-y-guisantes.jpg\" \/>\n\t<meta property=\"og:image:width\" content=\"765\" \/>\n\t<meta property=\"og:image:height\" content=\"560\" \/>\n\t<meta property=\"og:image:type\" content=\"image\/jpeg\" \/>\n<meta name=\"twitter:card\" content=\"summary_large_image\" \/>\n<script type=\"application\/ld+json\" class=\"yoast-schema-graph\">{\"@context\":\"https:\/\/schema.org\",\"@graph\":[{\"@type\":\"Article\",\"@id\":\"https:\/\/www.coren.es\/gl\/receitas\/albondegas-polo-curral-xamon-selecta-chicharos\/#article\",\"isPartOf\":{\"@id\":\"https:\/\/www.coren.es\/gl\/receitas\/albondegas-polo-curral-xamon-selecta-chicharos\/\"},\"author\":{\"name\":\"Ledicia Gil\",\"@id\":\"https:\/\/www.coren.es\/gl\/#\/schema\/person\/83a0c8e94a958130f55842cf41aa01d0\"},\"headline\":\"Alb\u00f3ndegas de polo de Curral con xam\u00f3n Selecta e ch\u00edcharos\",\"datePublished\":\"2023-06-07T13:41:00+00:00\",\"dateModified\":\"2023-08-07T08:46:47+00:00\",\"mainEntityOfPage\":{\"@id\":\"https:\/\/www.coren.es\/gl\/receitas\/albondegas-polo-curral-xamon-selecta-chicharos\/\"},\"wordCount\":13,\"commentCount\":0,\"publisher\":{\"@id\":\"https:\/\/www.coren.es\/gl\/#organization\"},\"image\":{\"@id\":\"https:\/\/www.coren.es\/gl\/receitas\/albondegas-polo-curral-xamon-selecta-chicharos\/#primaryimage\"},\"thumbnailUrl\":\"https:\/\/www.coren.es\/wp-content\/uploads\/2023\/06\/Albondigas-de-pollo-de-Corral-con-jamon-Selecta-y-guisantes.jpg\",\"inLanguage\":\"gl-ES\",\"potentialAction\":[{\"@type\":\"CommentAction\",\"name\":\"Comment\",\"target\":[\"https:\/\/www.coren.es\/gl\/receitas\/albondegas-polo-curral-xamon-selecta-chicharos\/#respond\"]}]},{\"@type\":[\"WebPage\",\"ItemPage\"],\"@id\":\"https:\/\/www.coren.es\/gl\/receitas\/albondegas-polo-curral-xamon-selecta-chicharos\/\",\"url\":\"https:\/\/www.coren.es\/gl\/receitas\/albondegas-polo-curral-xamon-selecta-chicharos\/\",\"name\":\"Alb\u00f3ndegas de polo de Curral con xam\u00f3n e ch\u00edcharos | Coren\",\"isPartOf\":{\"@id\":\"https:\/\/www.coren.es\/gl\/#website\"},\"primaryImageOfPage\":{\"@id\":\"https:\/\/www.coren.es\/gl\/receitas\/albondegas-polo-curral-xamon-selecta-chicharos\/#primaryimage\"},\"image\":{\"@id\":\"https:\/\/www.coren.es\/gl\/receitas\/albondegas-polo-curral-xamon-selecta-chicharos\/#primaryimage\"},\"thumbnailUrl\":\"https:\/\/www.coren.es\/wp-content\/uploads\/2023\/06\/Albondigas-de-pollo-de-Corral-con-jamon-Selecta-y-guisantes.jpg\",\"datePublished\":\"2023-06-07T13:41:00+00:00\",\"dateModified\":\"2023-08-07T08:46:47+00:00\",\"description\":\"A nosa receita de alb\u00f3ndegas de polo de Curral con xam\u00f3n Selecta e ch\u00edcharos \u00e9 ben doada de facer. Para sopetear o prato!\",\"breadcrumb\":{\"@id\":\"https:\/\/www.coren.es\/gl\/receitas\/albondegas-polo-curral-xamon-selecta-chicharos\/#breadcrumb\"},\"inLanguage\":\"gl-ES\",\"potentialAction\":[{\"@type\":\"ReadAction\",\"target\":[\"https:\/\/www.coren.es\/gl\/receitas\/albondegas-polo-curral-xamon-selecta-chicharos\/\"]}]},{\"@type\":\"ImageObject\",\"inLanguage\":\"gl-ES\",\"@id\":\"https:\/\/www.coren.es\/gl\/receitas\/albondegas-polo-curral-xamon-selecta-chicharos\/#primaryimage\",\"url\":\"https:\/\/www.coren.es\/wp-content\/uploads\/2023\/06\/Albondigas-de-pollo-de-Corral-con-jamon-Selecta-y-guisantes.jpg\",\"contentUrl\":\"https:\/\/www.coren.es\/wp-content\/uploads\/2023\/06\/Albondigas-de-pollo-de-Corral-con-jamon-Selecta-y-guisantes.jpg\",\"width\":765,\"height\":560,\"caption\":\"Receta de alb\u00f3ndigas de pollo de corral con jam\u00f3n selecta y guisantes\"},{\"@type\":\"BreadcrumbList\",\"@id\":\"https:\/\/www.coren.es\/gl\/receitas\/albondegas-polo-curral-xamon-selecta-chicharos\/#breadcrumb\",\"itemListElement\":[{\"@type\":\"ListItem\",\"position\":1,\"name\":\"Portada\",\"item\":\"https:\/\/www.coren.es\/gl\/\"},{\"@type\":\"ListItem\",\"position\":2,\"name\":\"Receitas\",\"item\":\"https:\/\/www.coren.es\/gl\/receitas\/\"},{\"@type\":\"ListItem\",\"position\":3,\"name\":\"Alb\u00f3ndegas de polo de Curral con xam\u00f3n Selecta e ch\u00edcharos\"}]},{\"@type\":\"WebSite\",\"@id\":\"https:\/\/www.coren.es\/gl\/#website\",\"url\":\"https:\/\/www.coren.es\/gl\/\",\"name\":\"Coren. Alimentos y carnes de Galicia\",\"description\":\"\",\"publisher\":{\"@id\":\"https:\/\/www.coren.es\/gl\/#organization\"},\"potentialAction\":[{\"@type\":\"SearchAction\",\"target\":{\"@type\":\"EntryPoint\",\"urlTemplate\":\"https:\/\/www.coren.es\/gl\/?s={search_term_string}\"},\"query-input\":{\"@type\":\"PropertyValueSpecification\",\"valueRequired\":true,\"valueName\":\"search_term_string\"}}],\"inLanguage\":\"gl-ES\"},{\"@type\":\"Organization\",\"@id\":\"https:\/\/www.coren.es\/gl\/#organization\",\"name\":\"Coren\",\"url\":\"https:\/\/www.coren.es\/gl\/\",\"logo\":{\"@type\":\"ImageObject\",\"inLanguage\":\"gl-ES\",\"@id\":\"https:\/\/www.coren.es\/gl\/#\/schema\/logo\/image\/\",\"url\":\"https:\/\/www.coren.es\/wp-content\/uploads\/2023\/03\/cropped-logo.png\",\"contentUrl\":\"https:\/\/www.coren.es\/wp-content\/uploads\/2023\/03\/cropped-logo.png\",\"width\":131,\"height\":85,\"caption\":\"Coren\"},\"image\":{\"@id\":\"https:\/\/www.coren.es\/gl\/#\/schema\/logo\/image\/\"}},{\"@type\":\"Person\",\"@id\":\"https:\/\/www.coren.es\/gl\/#\/schema\/person\/83a0c8e94a958130f55842cf41aa01d0\",\"name\":\"Ledicia Gil\",\"image\":{\"@type\":\"ImageObject\",\"inLanguage\":\"gl-ES\",\"@id\":\"https:\/\/www.coren.es\/gl\/#\/schema\/person\/image\/\",\"url\":\"https:\/\/secure.gravatar.com\/avatar\/3375888af6231681b7418479cd77bd0927482745ea2ab409df4089ccdd472e9f?s=96&d=mm&r=g\",\"contentUrl\":\"https:\/\/secure.gravatar.com\/avatar\/3375888af6231681b7418479cd77bd0927482745ea2ab409df4089ccdd472e9f?s=96&d=mm&r=g\",\"caption\":\"Ledicia Gil\"}}]}<\/script>\n<!-- \/ Yoast SEO plugin. -->","yoast_head_json":{"title":"Alb\u00f3ndegas de polo de Curral con xam\u00f3n e ch\u00edcharos | Coren","description":"A nosa receita de alb\u00f3ndegas de polo de Curral con xam\u00f3n Selecta e ch\u00edcharos \u00e9 ben doada de facer. Para sopetear o prato!","robots":{"index":"index","follow":"follow","max-snippet":"max-snippet:-1","max-image-preview":"max-image-preview:large","max-video-preview":"max-video-preview:-1"},"canonical":"https:\/\/www.coren.es\/gl\/receitas\/albondegas-polo-curral-xamon-selecta-chicharos\/","og_locale":"gl_ES","og_type":"article","og_title":"Alb\u00f3ndegas de polo de Curral con xam\u00f3n e ch\u00edcharos | Coren","og_description":"A nosa receita de alb\u00f3ndegas de polo de Curral con xam\u00f3n Selecta e ch\u00edcharos \u00e9 ben doada de facer. Para sopetear o prato!","og_url":"https:\/\/www.coren.es\/gl\/receitas\/albondegas-polo-curral-xamon-selecta-chicharos\/","og_site_name":"Coren","article_modified_time":"2023-08-07T08:46:47+00:00","og_image":[{"width":765,"height":560,"url":"https:\/\/www.coren.es\/wp-content\/uploads\/2023\/06\/Albondigas-de-pollo-de-Corral-con-jamon-Selecta-y-guisantes.jpg","type":"image\/jpeg"}],"twitter_card":"summary_large_image","schema":{"@context":"https:\/\/schema.org","@graph":[{"@type":"Article","@id":"https:\/\/www.coren.es\/gl\/receitas\/albondegas-polo-curral-xamon-selecta-chicharos\/#article","isPartOf":{"@id":"https:\/\/www.coren.es\/gl\/receitas\/albondegas-polo-curral-xamon-selecta-chicharos\/"},"author":{"name":"Ledicia Gil","@id":"https:\/\/www.coren.es\/gl\/#\/schema\/person\/83a0c8e94a958130f55842cf41aa01d0"},"headline":"Alb\u00f3ndegas de polo de Curral con xam\u00f3n Selecta e ch\u00edcharos","datePublished":"2023-06-07T13:41:00+00:00","dateModified":"2023-08-07T08:46:47+00:00","mainEntityOfPage":{"@id":"https:\/\/www.coren.es\/gl\/receitas\/albondegas-polo-curral-xamon-selecta-chicharos\/"},"wordCount":13,"commentCount":0,"publisher":{"@id":"https:\/\/www.coren.es\/gl\/#organization"},"image":{"@id":"https:\/\/www.coren.es\/gl\/receitas\/albondegas-polo-curral-xamon-selecta-chicharos\/#primaryimage"},"thumbnailUrl":"https:\/\/www.coren.es\/wp-content\/uploads\/2023\/06\/Albondigas-de-pollo-de-Corral-con-jamon-Selecta-y-guisantes.jpg","inLanguage":"gl-ES","potentialAction":[{"@type":"CommentAction","name":"Comment","target":["https:\/\/www.coren.es\/gl\/receitas\/albondegas-polo-curral-xamon-selecta-chicharos\/#respond"]}]},{"@type":["WebPage","ItemPage"],"@id":"https:\/\/www.coren.es\/gl\/receitas\/albondegas-polo-curral-xamon-selecta-chicharos\/","url":"https:\/\/www.coren.es\/gl\/receitas\/albondegas-polo-curral-xamon-selecta-chicharos\/","name":"Alb\u00f3ndegas de polo de Curral con xam\u00f3n e ch\u00edcharos | Coren","isPartOf":{"@id":"https:\/\/www.coren.es\/gl\/#website"},"primaryImageOfPage":{"@id":"https:\/\/www.coren.es\/gl\/receitas\/albondegas-polo-curral-xamon-selecta-chicharos\/#primaryimage"},"image":{"@id":"https:\/\/www.coren.es\/gl\/receitas\/albondegas-polo-curral-xamon-selecta-chicharos\/#primaryimage"},"thumbnailUrl":"https:\/\/www.coren.es\/wp-content\/uploads\/2023\/06\/Albondigas-de-pollo-de-Corral-con-jamon-Selecta-y-guisantes.jpg","datePublished":"2023-06-07T13:41:00+00:00","dateModified":"2023-08-07T08:46:47+00:00","description":"A nosa receita de alb\u00f3ndegas de polo de Curral con xam\u00f3n Selecta e ch\u00edcharos \u00e9 ben doada de facer. Para sopetear o prato!","breadcrumb":{"@id":"https:\/\/www.coren.es\/gl\/receitas\/albondegas-polo-curral-xamon-selecta-chicharos\/#breadcrumb"},"inLanguage":"gl-ES","potentialAction":[{"@type":"ReadAction","target":["https:\/\/www.coren.es\/gl\/receitas\/albondegas-polo-curral-xamon-selecta-chicharos\/"]}]},{"@type":"ImageObject","inLanguage":"gl-ES","@id":"https:\/\/www.coren.es\/gl\/receitas\/albondegas-polo-curral-xamon-selecta-chicharos\/#primaryimage","url":"https:\/\/www.coren.es\/wp-content\/uploads\/2023\/06\/Albondigas-de-pollo-de-Corral-con-jamon-Selecta-y-guisantes.jpg","contentUrl":"https:\/\/www.coren.es\/wp-content\/uploads\/2023\/06\/Albondigas-de-pollo-de-Corral-con-jamon-Selecta-y-guisantes.jpg","width":765,"height":560,"caption":"Receta de alb\u00f3ndigas de pollo de corral con jam\u00f3n selecta y guisantes"},{"@type":"BreadcrumbList","@id":"https:\/\/www.coren.es\/gl\/receitas\/albondegas-polo-curral-xamon-selecta-chicharos\/#breadcrumb","itemListElement":[{"@type":"ListItem","position":1,"name":"Portada","item":"https:\/\/www.coren.es\/gl\/"},{"@type":"ListItem","position":2,"name":"Receitas","item":"https:\/\/www.coren.es\/gl\/receitas\/"},{"@type":"ListItem","position":3,"name":"Alb\u00f3ndegas de polo de Curral con xam\u00f3n Selecta e ch\u00edcharos"}]},{"@type":"WebSite","@id":"https:\/\/www.coren.es\/gl\/#website","url":"https:\/\/www.coren.es\/gl\/","name":"Coren. Alimentos y carnes de Galicia","description":"","publisher":{"@id":"https:\/\/www.coren.es\/gl\/#organization"},"potentialAction":[{"@type":"SearchAction","target":{"@type":"EntryPoint","urlTemplate":"https:\/\/www.coren.es\/gl\/?s={search_term_string}"},"query-input":{"@type":"PropertyValueSpecification","valueRequired":true,"valueName":"search_term_string"}}],"inLanguage":"gl-ES"},{"@type":"Organization","@id":"https:\/\/www.coren.es\/gl\/#organization","name":"Coren","url":"https:\/\/www.coren.es\/gl\/","logo":{"@type":"ImageObject","inLanguage":"gl-ES","@id":"https:\/\/www.coren.es\/gl\/#\/schema\/logo\/image\/","url":"https:\/\/www.coren.es\/wp-content\/uploads\/2023\/03\/cropped-logo.png","contentUrl":"https:\/\/www.coren.es\/wp-content\/uploads\/2023\/03\/cropped-logo.png","width":131,"height":85,"caption":"Coren"},"image":{"@id":"https:\/\/www.coren.es\/gl\/#\/schema\/logo\/image\/"}},{"@type":"Person","@id":"https:\/\/www.coren.es\/gl\/#\/schema\/person\/83a0c8e94a958130f55842cf41aa01d0","name":"Ledicia Gil","image":{"@type":"ImageObject","inLanguage":"gl-ES","@id":"https:\/\/www.coren.es\/gl\/#\/schema\/person\/image\/","url":"https:\/\/secure.gravatar.com\/avatar\/3375888af6231681b7418479cd77bd0927482745ea2ab409df4089ccdd472e9f?s=96&d=mm&r=g","contentUrl":"https:\/\/secure.gravatar.com\/avatar\/3375888af6231681b7418479cd77bd0927482745ea2ab409df4089ccdd472e9f?s=96&d=mm&r=g","caption":"Ledicia Gil"}}]}},"_links":{"self":[{"href":"https:\/\/www.coren.es\/gl\/wp-json\/wp\/v2\/recetas\/13503","targetHints":{"allow":["GET"]}}],"collection":[{"href":"https:\/\/www.coren.es\/gl\/wp-json\/wp\/v2\/recetas"}],"about":[{"href":"https:\/\/www.coren.es\/gl\/wp-json\/wp\/v2\/types\/recetas"}],"author":[{"embeddable":true,"href":"https:\/\/www.coren.es\/gl\/wp-json\/wp\/v2\/users\/2"}],"replies":[{"embeddable":true,"href":"https:\/\/www.coren.es\/gl\/wp-json\/wp\/v2\/comments?post=13503"}],"version-history":[{"count":2,"href":"https:\/\/www.coren.es\/gl\/wp-json\/wp\/v2\/recetas\/13503\/revisions"}],"predecessor-version":[{"id":13509,"href":"https:\/\/www.coren.es\/gl\/wp-json\/wp\/v2\/recetas\/13503\/revisions\/13509"}],"wp:featuredmedia":[{"embeddable":true,"href":"https:\/\/www.coren.es\/gl\/wp-json\/wp\/v2\/media\/13315"}],"wp:attachment":[{"href":"https:\/\/www.coren.es\/gl\/wp-json\/wp\/v2\/media?parent=13503"}],"wp:term":[{"taxonomy":"post_tag","embeddable":true,"href":"https:\/\/www.coren.es\/gl\/wp-json\/wp\/v2\/tags?post=13503"},{"taxonomy":"categorias_recetas","embeddable":true,"href":"https:\/\/www.coren.es\/gl\/wp-json\/wp\/v2\/categorias_recetas?post=13503"}],"curies":[{"name":"wp","href":"https:\/\/api.w.org\/{rel}","templated":true}]}}